{"id":8385,"date":"2024-05-15T10:05:55","date_gmt":"2024-05-15T09:05:55","guid":{"rendered":"https:\/\/vapactu.oliquide.com\/?page_id=8385"},"modified":"2025-05-27T16:22:51","modified_gmt":"2025-05-27T14:22:51","slug":"notre-strategie-rse","status":"publish","type":"page","link":"https:\/\/www.oliquide.com\/blog\/notre-strategie-rse\/","title":{"rendered":"Notre RSE"},"content":{"rendered":"<h1>\n<h1>Notre strat\u00e9gie RSE<\/h1>\n<\/h1>\n<div>\n<p><span style=\"font-weight: 400;\">Nous avons pour ambition d\u2019avoir une entreprise qui nous ressemble et qui porte chaque jour un peu plus haut nos valeurs, celles avec lesquelles nous nous sommes construits et que nous d\u00e9fendons encore aujourd\u2019hui. Chez Oliquide, ce sont la transparence et la sinc\u00e9rit\u00e9 qui guide nos actions. Nous croyons en des relations justes avec nos clients et nous aspirons \u00e0 maintenir une communication saine et ouverte avec eux. C\u2019est pourquoi Oliquide a travaill\u00e9 sur la mise en place de notre strat\u00e9gie RSE.<\/span><\/p>\n<\/div>\n<p><img decoding=\"async\" src=\"\/blog\/wp-content\/uploads\/2024\/05\/Slider-RSE.jpg\" alt=\"Image du B\u00e2timent de Oliquide\"><\/p>\n<div>\n<div id=\"ez-toc-container\" class=\"ez-toc-v2_0_82_2 ez-toc-wrap-left counter-hierarchy ez-toc-counter ez-toc-grey ez-toc-container-direction\">\n<div class=\"ez-toc-title-container\">\n<p class=\"ez-toc-title\" style=\"cursor:inherit\">Sommaire<\/p>\n<span class=\"ez-toc-title-toggle\"><a href=\"#\" class=\"ez-toc-pull-right ez-toc-btn ez-toc-btn-xs ez-toc-btn-default ez-toc-toggle\" aria-label=\"Toggle Table of Content\"><span class=\"ez-toc-js-icon-con\"><span class=\"\"><span class=\"eztoc-hide\" style=\"display:none;\">Toggle<\/span><span class=\"ez-toc-icon-toggle-span\"><svg style=\"fill: #999;color:#999\" xmlns=\"http:\/\/www.w3.org\/2000\/svg\" class=\"list-377408\" width=\"20px\" height=\"20px\" viewBox=\"0 0 24 24\" fill=\"none\"><path d=\"M6 6H4v2h2V6zm14 0H8v2h12V6zM4 11h2v2H4v-2zm16 0H8v2h12v-2zM4 16h2v2H4v-2zm16 0H8v2h12v-2z\" fill=\"currentColor\"><\/path><\/svg><svg style=\"fill: #999;color:#999\" class=\"arrow-unsorted-368013\" xmlns=\"http:\/\/www.w3.org\/2000\/svg\" width=\"10px\" height=\"10px\" viewBox=\"0 0 24 24\" version=\"1.2\" baseProfile=\"tiny\"><path d=\"M18.2 9.3l-6.2-6.3-6.2 6.3c-.2.2-.3.4-.3.7s.1.5.3.7c.2.2.4.3.7.3h11c.3 0 .5-.1.7-.3.2-.2.3-.5.3-.7s-.1-.5-.3-.7zM5.8 14.7l6.2 6.3 6.2-6.3c.2-.2.3-.5.3-.7s-.1-.5-.3-.7c-.2-.2-.4-.3-.7-.3h-11c-.3 0-.5.1-.7.3-.2.2-.3.5-.3.7s.1.5.3.7z\"\/><\/svg><\/span><\/span><\/span><\/a><\/span><\/div>\n<nav><ul class='ez-toc-list ez-toc-list-level-1 eztoc-toggle-hide-by-default' ><li class='ez-toc-page-1 ez-toc-heading-level-1'><a class=\"ez-toc-link ez-toc-heading-1\" href=\"https:\/\/www.oliquide.com\/blog\/notre-strategie-rse\/#Notre_strategie_RSE\" >Notre strat\u00e9gie RSE<\/a><ul class='ez-toc-list-level-2' ><li class='ez-toc-heading-level-2'><a class=\"ez-toc-link ez-toc-heading-2\" href=\"https:\/\/www.oliquide.com\/blog\/notre-strategie-rse\/#Quest_ce_que_la_RSE\" >Qu&rsquo;est ce que la RSE ?<\/a><\/li><li class='ez-toc-page-1 ez-toc-heading-level-2'><a class=\"ez-toc-link ez-toc-heading-3\" href=\"https:\/\/www.oliquide.com\/blog\/notre-strategie-rse\/#Plus_dun_an_de_travail_pour_la_RSE_dAlterboutique\" >Plus d\u2019un an de travail pour la RSE d\u2019Alterboutique<\/a><\/li><li class='ez-toc-page-1 ez-toc-heading-level-2'><a class=\"ez-toc-link ez-toc-heading-4\" href=\"https:\/\/www.oliquide.com\/blog\/notre-strategie-rse\/#Au_depart_notre_Raison_dEtre\" >Au d\u00e9part : notre Raison d&rsquo;\u00catre<\/a><\/li><li class='ez-toc-page-1 ez-toc-heading-level-2'><a class=\"ez-toc-link ez-toc-heading-5\" href=\"https:\/\/www.oliquide.com\/blog\/notre-strategie-rse\/#NOTRE_RAISON_DETRE\" >NOTRE RAISON D\u2019\u00caTRE :\u00a0<\/a><ul class='ez-toc-list-level-3' ><li class='ez-toc-heading-level-3'><a class=\"ez-toc-link ez-toc-heading-6\" href=\"https:\/\/www.oliquide.com\/blog\/notre-strategie-rse\/#Engage_pour_la_Sante_Publique\" >Engag\u00e9 pour la Sant\u00e9 Publique<\/a><\/li><li class='ez-toc-page-1 ez-toc-heading-level-3'><a class=\"ez-toc-link ez-toc-heading-7\" href=\"https:\/\/www.oliquide.com\/blog\/notre-strategie-rse\/#Engage_pour_lenvironnement\" >Engag\u00e9 pour l&rsquo;environnement<\/a><\/li><li class='ez-toc-page-1 ez-toc-heading-level-3'><a class=\"ez-toc-link ez-toc-heading-8\" href=\"https:\/\/www.oliquide.com\/blog\/notre-strategie-rse\/#Engage_pour_les_Hommes_et_les_femmes\" >Engag\u00e9 pour les Hommes et les femmes<\/a><\/li><\/ul><\/li><\/ul><\/li><\/ul><\/nav><\/div>\n<\/div>\n<div>\n<h2><span class=\"ez-toc-section\" id=\"Quest_ce_que_la_RSE\"><\/span>Qu&rsquo;est ce que la RSE ?<span class=\"ez-toc-section-end\"><\/span><\/h2>\n<p><span style=\"font-weight: 400;\">La RSE est la Responsabilit\u00e9 Soci\u00e9tale des Entreprises. Elle permet aux entreprises de mesurer et de contr\u00f4ler l\u2019impact qu\u2019elles ont sur la soci\u00e9t\u00e9. C\u2019est-\u00e0-dire qu&rsquo;une entreprise qui s\u2019engage dans une RSE, s\u2019engage dans une dynamique de d\u00e9veloppement durable. Elle va chercher \u00e0 avoir un impact positif sur l\u2019environnement et sur le volet social tout en \u00e9tant \u00e9conomiquement rentable. Pour cela, elle va s\u2019appuyer sur l\u2019ensemble des parties qui constituent ses relations syst\u00e9miques ; ses collaborateurs, ses clients (et oui, vous en faites partie !), ses fournisseurs et les acteurs de son territoire.<\/span><\/p>\n<h2><span class=\"ez-toc-section\" id=\"Plus_dun_an_de_travail_pour_la_RSE_dAlterboutique\"><\/span>Plus d\u2019un an de travail pour la RSE d\u2019Alterboutique<span class=\"ez-toc-section-end\"><\/span><\/h2>\n<p><span style=\"font-weight: 400;\">La Responsabilit\u00e9 Soci\u00e9tale des Entreprises est obligatoire pour les tr\u00e8s grosses entreprises. Alors, vous l\u2019aurez donc compris, chez Oliquide (Alterboutique), nous n\u2019\u00e9tions pas oblig\u00e9s. Et pourtant, nous avons voulu nous engager dans cette d\u00e9marche pour prendre la mesure de l\u2019impact de notre activit\u00e9 de e-commerce, qui g\u00e9n\u00e8re \u00e9norm\u00e9ment de transport (qui a donc un impact n\u00e9gatif sur l\u2019environnement), d\u2019\u00e9valuer l\u2019engagement de nos fournisseurs sur ces questions environnementales, sensibiliser nos clients sur les probl\u00e9matiques climat et r\u00e9fl\u00e9chir sur les actions \u00e0 mettre en place afin d\u2019avoir un impact positif.<\/span><\/p>\n<p><span style=\"font-weight: 400;\">C\u2019est Camille qui a r\u00e9alis\u00e9 ce travail chez nous. \u00c9tudiante en Master II RSE \u00e0 Paris et en alternance chez Oliquide, nous lui avons confi\u00e9 toute la mise en place de la strat\u00e9gie RSE. Travail passionnant mais pointu, puisqu\u2019il aura fallu \u00e0 Camille, questionner nos collaborateurs, nos fournisseurs, analyser nos pratiques et d\u00e9finir un plan d\u2019action.<\/span><\/p>\n<\/div>\n<p><a href=\"https:\/\/fr.wikipedia.org\/wiki\/Emmanuel_Faber\"><img decoding=\"async\" src=\"\/blog\/wp-content\/uploads\/2024\/05\/Emmanuel-Faber.png\" alt=\"Portrait Emmanuel Faber\"><\/a><\/p>\n<div>\n<h6 style=\"text-align: center;\">Emmanuel Faber<br \/>Photo : Chilowe.com &#8211; <span>Thibaut Labey<\/span><\/h6>\n<\/div>\n<div>\n<h2><span class=\"ez-toc-section\" id=\"Au_depart_notre_Raison_dEtre\"><\/span>Au d\u00e9part : notre Raison d&rsquo;\u00catre<span class=\"ez-toc-section-end\"><\/span><\/h2>\n<p><span style=\"font-weight: 400;\">Le point de d\u00e9part de notre strat\u00e9gie RSE est la d\u00e9finition de notre Raison d\u2019\u00eatre. C\u2019est-\u00e0-dire, ce qui nous anime dans notre m\u00e9tier et d\u00e9finit le \u201cPourquoi\u201d nous faisons les choses. En d\u2019autres termes, la Raison d\u2019\u00catre, c\u2019est l\u2019ambition de notre entreprise et le sens que nous donnons \u00e0 notre m\u00e9tier.<\/span><\/p>\n<p><span style=\"font-weight: 400;\">Alors, nous nous sommes mis devant une feuille blanche. Nous nous sommes \u00e9galement appuyer sur un extrait du livre \u201cOuvrir une voie\u201d d\u2019Emmanuel Faber, ex-PDG de Danone, Alpiniste et grimpeur :\u00a0<\/span><\/p>\n<\/div>\n<blockquote>\n<blockquote>\n<h5><em><span style=\"font-weight: 400;\">\u2026 <\/span><span style=\"font-weight: 400;\">Ce qui fait l\u2019avantage concurrentiel d\u2019une entreprise, d\u2019une r\u00e9gion, d\u2019un pays, ce n\u2019est pas seulement son efficacit\u00e9 \u00e9conomique, c\u2019est avant tout son identit\u00e9, sa culture, le narratif qui cimentent la coh\u00e9sion sociale dans une vision qui donne du sens, c\u2019est-\u00e0-dire la capacit\u00e9 pour une communaut\u00e9 \u00e0 comprendre la place qu\u2019elle occupe dans le monde, et \u00e0 y tracer un avenir. Avec un sens d\u2019appartenance\u2026<\/span><\/em><\/h5>\n<\/blockquote>\n<footer>\n<p>                <cite>Emmanuel Faber<\/cite><\/p>\n<\/footer>\n<\/blockquote>\n<div>\n<h2><span class=\"ez-toc-section\" id=\"NOTRE_RAISON_DETRE\"><\/span><span style=\"font-weight: 400;\">NOTRE RAISON D\u2019\u00caTRE :\u00a0<\/span><span class=\"ez-toc-section-end\"><\/span><\/h2>\n<\/p>\n<p><span style=\"font-weight: 400;\">Nous sommes AlterBoutique.<br \/><\/span><span style=\"font-weight: 400;\">Nous sommes une partie de la soci\u00e9t\u00e9. Nous sommes implant\u00e9s sur 8000 m2 de la plan\u00e8te Terre.<br \/><\/span><span style=\"font-weight: 400;\">Nous agissons pour que notre entreprise prenne sa juste place dans le monde.<br \/><\/span><span style=\"font-weight: 400;\">Nous agissons pour la sant\u00e9 publique.<br \/><\/span><span style=\"font-weight: 400;\">Nous agissons pour l\u2019environnement en adaptant nos pratiques, en sensibilisant nos publics et en investissant pour demain.<br \/><\/span><span style=\"font-weight: 400;\">Nous agissons pour les hommes et les femmes, collaborateurs, clients, fournisseurs, partenaires, en affirmant l\u2019esprit de coh\u00e9sion sociale, le sens du travail et la valeur de la solidarit\u00e9.<br \/><\/span><span style=\"font-weight: 400;\">Nous sommes AlterBoutique.<br \/><\/span><span style=\"font-weight: 400;\">Nous sommes une partie du monde.<br \/><\/span><span style=\"font-weight: 400;\">Nous agissons.<\/span><\/p>\n<\/div>\n<div>\n<p><span style=\"font-weight: 400;\">\u00c0 partir de cet \u00e9crit et de tout le travail de Camille, nous avons dessin\u00e9 les contours de notre RSE qui s\u2019articule autour de 3 piliers : nous engager pour la sant\u00e9 publique, pour l\u2019environnement et pour les hommes et les femmes.<\/span><\/p>\n<p><span style=\"font-weight: 400;\">Nous exp\u00e9rimentons continuellement&#8230; Parfois, nous r\u00e9ussissons, parfois, nous \u00e9chouons, mais toujours, nous progressons et toujours, nous apprenons !\u00a0<\/span><\/p>\n<\/p>\n<p><span style=\"font-weight: 400;\">Pour en savoir plus sur les 3 piliers de notre RSE : <\/span><\/p>\n<\/div>\n<div>\n<p>        <img decoding=\"async\" src=\"\/blog\/wp-content\/uploads\/2024\/05\/Sante-Publique.jpg\" alt=\"Engag\u00e9 pour la Sant\u00e9 Publique\"><\/p>\n<h3><span class=\"ez-toc-section\" id=\"Engage_pour_la_Sante_Publique\"><\/span>Engag\u00e9 pour la Sant\u00e9 Publique<span class=\"ez-toc-section-end\"><\/span><\/h3>\n<\/div>\n<div>\n<p>        <img decoding=\"async\" src=\"\/blog\/wp-content\/uploads\/2024\/05\/Environnement.jpg\" alt=\"Engag\u00e9 pour l'environnement\"><\/p>\n<h3><span class=\"ez-toc-section\" id=\"Engage_pour_lenvironnement\"><\/span>Engag\u00e9 pour l&rsquo;environnement<span class=\"ez-toc-section-end\"><\/span><\/h3>\n<\/div>\n<div>\n<p>        <img decoding=\"async\" src=\"\/blog\/wp-content\/uploads\/2024\/05\/H-et-F.jpg\" alt=\"Engag\u00e9 pour les Hommes et les femmes\"><\/p>\n<h3><span class=\"ez-toc-section\" id=\"Engage_pour_les_Hommes_et_les_femmes\"><\/span>Engag\u00e9 pour les Hommes et les femmes<span class=\"ez-toc-section-end\"><\/span><\/h3>\n<\/div>\n<p><!--more--><br \/>\n<!-- {\"type\":\"layout\",\"children\":[{\"type\":\"section\",\"props\":{\"image_position\":\"center-center\",\"style\":\"primary\",\"title_breakpoint\":\"xl\",\"title_position\":\"top-left\",\"title_rotation\":\"left\",\"vertical_align\":\"middle\",\"width\":\"default\"},\"children\":[{\"type\":\"row\",\"children\":[{\"type\":\"column\",\"props\":{\"image_position\":\"center-center\",\"position_sticky_breakpoint\":\"m\"},\"children\":[{\"type\":\"headline\",\"props\":{\"content\":\"\n\n<h1>Notre strat\\u00e9gie RSE<\\\/h1>\",\"title_element\":\"h1\"}},{\"type\":\"text\",\"props\":{\"column_breakpoint\":\"m\",\"content\":\"\n\n<p><span style=\\\"font-weight: 400;\\\">Nous avons pour ambition d\\u2019avoir une entreprise qui nous ressemble et qui porte chaque jour un peu plus haut nos valeurs, celles avec lesquelles nous nous sommes construits et que nous d\\u00e9fendons encore aujourd\\u2019hui. Chez Oliquide, ce sont la transparence et la sinc\\u00e9rit\\u00e9 qui guide nos actions. Nous croyons en des relations justes avec nos clients et nous aspirons \\u00e0 maintenir une communication saine et ouverte avec eux. C\\u2019est pourquoi Oliquide a travaill\\u00e9 sur la mise en place de notre strat\\u00e9gie RSE.<\\\/span><\\\/p>\",\"margin\":\"default\"}}]}]}]},{\"type\":\"section\",\"props\":{\"image_position\":\"center-center\",\"style\":\"default\",\"title_breakpoint\":\"xl\",\"title_position\":\"top-left\",\"title_rotation\":\"left\",\"vertical_align\":\"\",\"width\":\"default\"},\"children\":[{\"type\":\"row\",\"children\":[{\"type\":\"column\",\"props\":{\"image_position\":\"center-center\",\"position_sticky_breakpoint\":\"m\"},\"children\":[{\"type\":\"image\",\"props\":{\"image\":\"wp-content\\\/uploads\\\/2024\\\/05\\\/Slider-RSE.jpg\",\"image_alt\":\"Image du B\\u00e2timent de Oliquide\",\"image_box_decoration\":\"mask\",\"image_svg_color\":\"emphasis\",\"margin\":\"default\"}},{\"type\":\"html\",\"props\":{\"content\":\"[ez-toc]\"}},{\"type\":\"text\",\"props\":{\"column_breakpoint\":\"m\",\"content\":\"\n\n<h2>Qu'est ce que la RSE ?<\\\/h2>\\n\n\n<p><span style=\\\"font-weight: 400;\\\">La RSE est la Responsabilit\\u00e9 Soci\\u00e9tale des Entreprises. Elle permet aux entreprises de mesurer et de contr\\u00f4ler l\\u2019impact qu\\u2019elles ont sur la soci\\u00e9t\\u00e9. C\\u2019est-\\u00e0-dire qu'une entreprise qui s\\u2019engage dans une RSE, s\\u2019engage dans une dynamique de d\\u00e9veloppement durable. Elle va chercher \\u00e0 avoir un impact positif sur l\\u2019environnement et sur le volet social tout en \\u00e9tant \\u00e9conomiquement rentable. Pour cela, elle va s\\u2019appuyer sur l\\u2019ensemble des parties qui constituent ses relations syst\\u00e9miques ; ses collaborateurs, ses clients (et oui, vous en faites partie !), ses fournisseurs et les acteurs de son territoire.<\\\/span><\\\/p>\\n\n\n<h2>Plus d\\u2019un an de travail pour la RSE d\\u2019Alterboutique<\\\/h2>\\n\n\n<p><span style=\\\"font-weight: 400;\\\">La Responsabilit\\u00e9 Soci\\u00e9tale des Entreprises est obligatoire pour les tr\\u00e8s grosses entreprises. Alors, vous l\\u2019aurez donc compris, chez Oliquide (Alterboutique), nous n\\u2019\\u00e9tions pas oblig\\u00e9s. Et pourtant, nous avons voulu nous engager dans cette d\\u00e9marche pour prendre la mesure de l\\u2019impact de notre activit\\u00e9 de e-commerce, qui g\\u00e9n\\u00e8re \\u00e9norm\\u00e9ment de transport (qui a donc un impact n\\u00e9gatif sur l\\u2019environnement), d\\u2019\\u00e9valuer l\\u2019engagement de nos fournisseurs sur ces questions environnementales, sensibiliser nos clients sur les probl\\u00e9matiques climat et r\\u00e9fl\\u00e9chir sur les actions \\u00e0 mettre en place afin d\\u2019avoir un impact positif.<\\\/span><\\\/p>\\n\n\n<p><span style=\\\"font-weight: 400;\\\">C\\u2019est Camille qui a r\\u00e9alis\\u00e9 ce travail chez nous. \\u00c9tudiante en Master II RSE \\u00e0 Paris et en alternance chez Oliquide, nous lui avons confi\\u00e9 toute la mise en place de la strat\\u00e9gie RSE. Travail passionnant mais pointu, puisqu\\u2019il aura fallu \\u00e0 Camille, questionner nos collaborateurs, nos fournisseurs, analyser nos pratiques et d\\u00e9finir un plan d\\u2019action.<\\\/span><\\\/p>\",\"margin\":\"default\"}}]}]}]},{\"type\":\"section\",\"props\":{\"header_transparent\":false,\"image_position\":\"center-center\",\"style\":\"muted\",\"title_breakpoint\":\"xl\",\"title_position\":\"top-left\",\"title_rotation\":\"left\",\"vertical_align\":\"\",\"width\":\"default\"},\"children\":[{\"type\":\"row\",\"props\":{\"layout\":\"1-3,2-3\"},\"children\":[{\"type\":\"column\",\"props\":{\"image_position\":\"center-center\",\"position_sticky_breakpoint\":\"m\",\"width_medium\":\"1-3\"},\"children\":[{\"type\":\"image\",\"props\":{\"image\":\"wp-content\\\/uploads\\\/2024\\\/05\\\/Emmanuel-Faber.png\",\"image_alt\":\"Portrait Emmanuel Faber\",\"image_svg_color\":\"emphasis\",\"image_width\":300,\"link\":\"https:\\\/\\\/fr.wikipedia.org\\\/wiki\\\/Emmanuel_Faber\",\"margin\":\"default\",\"position\":\"relative\",\"position_left\":\"15\"}},{\"type\":\"text\",\"props\":{\"column_breakpoint\":\"m\",\"content\":\"\n\n<h6 style=\\\"text-align: center;\\\">Emmanuel Faber<br \\\/>Photo : Chilowe.com - <span>Thibaut Labey<\\\/span><\\\/h6>\",\"margin\":\"default\"}}]},{\"type\":\"column\",\"props\":{\"image_position\":\"center-center\",\"position_sticky_breakpoint\":\"m\",\"width_medium\":\"2-3\"},\"children\":[{\"type\":\"text\",\"props\":{\"column_breakpoint\":\"m\",\"content\":\"\n\n<h2>Au d\\u00e9part : notre Raison d'\\u00catre<\\\/h2>\\n\n\n<p><span style=\\\"font-weight: 400;\\\">Le point de d\\u00e9part de notre strat\\u00e9gie RSE est la d\\u00e9finition de notre Raison d\\u2019\\u00eatre. C\\u2019est-\\u00e0-dire, ce qui nous anime dans notre m\\u00e9tier et d\\u00e9finit le \\u201cPourquoi\\u201d nous faisons les choses. En d\\u2019autres termes, la Raison d\\u2019\\u00catre, c\\u2019est l\\u2019ambition de notre entreprise et le sens que nous donnons \\u00e0 notre m\\u00e9tier.<\\\/span><\\\/p>\\n\n\n<p><span style=\\\"font-weight: 400;\\\">Alors, nous nous sommes mis devant une feuille blanche. Nous nous sommes \\u00e9galement appuyer sur un extrait du livre \\u201cOuvrir une voie\\u201d d\\u2019Emmanuel Faber, ex-PDG de Danone, Alpiniste et grimpeur :\\u00a0<\\\/span><\\\/p>\",\"margin\":\"default\"}},{\"type\":\"quotation\",\"props\":{\"author\":\"Emmanuel Faber\",\"content\":\"\n\n<blockquote>\\n\n\n<h5><em><span style=\\\"font-weight: 400;\\\">\\u2026 <\\\/span><span style=\\\"font-weight: 400;\\\">Ce qui fait l\\u2019avantage concurrentiel d\\u2019une entreprise, d\\u2019une r\\u00e9gion, d\\u2019un pays, ce n\\u2019est pas seulement son efficacit\\u00e9 \\u00e9conomique, c\\u2019est avant tout son identit\\u00e9, sa culture, le narratif qui cimentent la coh\\u00e9sion sociale dans une vision qui donne du sens, c\\u2019est-\\u00e0-dire la capacit\\u00e9 pour une communaut\\u00e9 \\u00e0 comprendre la place qu\\u2019elle occupe dans le monde, et \\u00e0 y tracer un avenir. Avec un sens d\\u2019appartenance\\u2026<\\\/span><\\\/em><\\\/h5>\\n<\\\/blockquote>\"}}]}]}]},{\"type\":\"section\",\"props\":{\"image_position\":\"center-center\",\"style\":\"primary\",\"title_breakpoint\":\"xl\",\"title_position\":\"top-left\",\"title_rotation\":\"left\",\"vertical_align\":\"\",\"width\":\"default\"},\"children\":[{\"type\":\"row\",\"children\":[{\"type\":\"column\",\"props\":{\"image_position\":\"center-center\",\"position_sticky_breakpoint\":\"m\"},\"children\":[{\"type\":\"text\",\"props\":{\"column_breakpoint\":\"m\",\"content\":\"\n\n<h2><span style=\\\"font-weight: 400;\\\">NOTRE RAISON D\\u2019\\u00caTRE :\\u00a0<\\\/span><\\\/h2>\\n\n\n<p><\\\/p>\\n\n\n<p><span style=\\\"font-weight: 400;\\\">Nous sommes AlterBoutique.<br \\\/><\\\/span><span style=\\\"font-weight: 400;\\\">Nous sommes une partie de la soci\\u00e9t\\u00e9. Nous sommes implant\\u00e9s sur 8000 m2 de la plan\\u00e8te Terre.<br \\\/><\\\/span><span style=\\\"font-weight: 400;\\\">Nous agissons pour que notre entreprise prenne sa juste place dans le monde.<br \\\/><\\\/span><span style=\\\"font-weight: 400;\\\">Nous agissons pour la sant\\u00e9 publique.<br \\\/><\\\/span><span style=\\\"font-weight: 400;\\\">Nous agissons pour l\\u2019environnement en adaptant nos pratiques, en sensibilisant nos publics et en investissant pour demain.<br \\\/><\\\/span><span style=\\\"font-weight: 400;\\\">Nous agissons pour les hommes et les femmes, collaborateurs, clients, fournisseurs, partenaires, en affirmant l\\u2019esprit de coh\\u00e9sion sociale, le sens du travail et la valeur de la solidarit\\u00e9.<br \\\/><\\\/span><span style=\\\"font-weight: 400;\\\">Nous sommes AlterBoutique.<br \\\/><\\\/span><span style=\\\"font-weight: 400;\\\">Nous sommes une partie du monde.<br \\\/><\\\/span><span style=\\\"font-weight: 400;\\\">Nous agissons.<\\\/span><\\\/p>\",\"margin\":\"default\"}}]}]}]},{\"type\":\"section\",\"props\":{\"image_position\":\"center-center\",\"padding\":\"small\",\"style\":\"default\",\"title_breakpoint\":\"xl\",\"title_position\":\"top-left\",\"title_rotation\":\"left\",\"vertical_align\":\"\",\"width\":\"default\"},\"children\":[{\"type\":\"row\",\"children\":[{\"type\":\"column\",\"props\":{\"image_position\":\"center-center\",\"position_sticky_breakpoint\":\"m\"},\"children\":[{\"type\":\"text\",\"props\":{\"column_breakpoint\":\"m\",\"content\":\"\n\n<p><span style=\\\"font-weight: 400;\\\">\\u00c0 partir de cet \\u00e9crit et de tout le travail de Camille, nous avons dessin\\u00e9 les contours de notre RSE qui s\\u2019articule autour de 3 piliers : nous engager pour la sant\\u00e9 publique, pour l\\u2019environnement et pour les hommes et les femmes.<\\\/span><\\\/p>\\n\n\n<p><span style=\\\"font-weight: 400;\\\">Nous exp\\u00e9rimentons continuellement... Parfois, nous r\\u00e9ussissons, parfois, nous \\u00e9chouons, mais toujours, nous progressons et toujours, nous apprenons !\\u00a0<\\\/span><\\\/p>\\n\n\n<p><\\\/p>\\n\n\n<p><span style=\\\"font-weight: 400;\\\">Pour en savoir plus sur les 3 piliers de notre RSE : <\\\/span><\\\/p>\",\"margin\":\"default\"}}]}]}]},{\"type\":\"section\",\"props\":{\"image_position\":\"center-center\",\"padding\":\"xsmall\",\"style\":\"default\",\"title_breakpoint\":\"xl\",\"title_position\":\"top-left\",\"title_rotation\":\"left\",\"vertical_align\":\"\",\"width\":\"default\"},\"children\":[{\"type\":\"row\",\"props\":{\"layout\":\"1-3,1-3,1-3\"},\"children\":[{\"type\":\"column\",\"props\":{\"image_position\":\"center-center\",\"position_sticky_breakpoint\":\"m\",\"width_medium\":\"1-3\"},\"children\":[{\"type\":\"overlay\",\"props\":{\"image\":\"wp-content\\\/uploads\\\/2024\\\/05\\\/Sante-Publique.jpg\",\"image_alt\":\"Engag\\u00e9 pour la Sant\\u00e9 Publique\",\"image_border\":\"rounded\",\"link_style\":\"default\",\"link_target\":false,\"link_text\":\"Engag\\u00e9 pour la Sant\\u00e9 Publique\",\"margin\":\"default\",\"meta_align\":\"below-title\",\"meta_element\":\"div\",\"meta_style\":\"text-meta\",\"overlay_hover\":true,\"overlay_mode\":\"cover\",\"overlay_position\":\"center\",\"overlay_style\":\"overlay-primary\",\"overlay_transition\":\"fade\",\"text_align\":\"center\",\"text_color\":\"light\",\"title\":\"Engag\\u00e9 pour la Sant\\u00e9 Publique\",\"title_element\":\"h3\",\"title_hover_style\":\"reset\"}}]},{\"type\":\"column\",\"props\":{\"image_position\":\"center-center\",\"position_sticky_breakpoint\":\"m\",\"width_medium\":\"1-3\"},\"children\":[{\"type\":\"overlay\",\"props\":{\"image\":\"wp-content\\\/uploads\\\/2024\\\/05\\\/Environnement.jpg\",\"image_alt\":\"Engag\\u00e9 pour l'environnement\",\"image_border\":\"rounded\",\"link_style\":\"default\",\"link_target\":false,\"link_text\":\"Engag\\u00e9 pour l'environnement\",\"margin\":\"default\",\"meta_align\":\"below-title\",\"meta_element\":\"div\",\"meta_style\":\"text-meta\",\"overlay_hover\":true,\"overlay_mode\":\"cover\",\"overlay_position\":\"center\",\"overlay_style\":\"overlay-primary\",\"overlay_transition\":\"fade\",\"text_align\":\"center\",\"text_color\":\"light\",\"title\":\"Engag\\u00e9 pour l'environnement\",\"title_element\":\"h3\",\"title_hover_style\":\"reset\"}}]},{\"type\":\"column\",\"props\":{\"image_position\":\"center-center\",\"position_sticky_breakpoint\":\"m\",\"width_medium\":\"1-3\"},\"children\":[{\"type\":\"overlay\",\"props\":{\"image\":\"wp-content\\\/uploads\\\/2024\\\/05\\\/H-et-F.jpg\",\"image_alt\":\"Engag\\u00e9 pour les Hommes et les femmes\",\"image_border\":\"rounded\",\"link_style\":\"default\",\"link_target\":false,\"link_text\":\"\",\"margin\":\"default\",\"meta_align\":\"below-title\",\"meta_element\":\"div\",\"meta_style\":\"text-meta\",\"overlay_hover\":true,\"overlay_mode\":\"cover\",\"overlay_position\":\"center\",\"overlay_style\":\"overlay-primary\",\"overlay_transition\":\"fade\",\"text_align\":\"center\",\"text_color\":\"light\",\"title\":\"Engag\\u00e9 pour les Hommes et les femmes\",\"title_element\":\"h3\",\"title_hover_style\":\"reset\"}}]}]}]},{\"type\":\"section\",\"props\":{\"image_position\":\"center-center\",\"style\":\"default\",\"title_breakpoint\":\"xl\",\"title_position\":\"top-left\",\"title_rotation\":\"left\",\"vertical_align\":\"\",\"width\":\"default\"},\"children\":[{\"type\":\"row\",\"children\":[{\"type\":\"column\",\"props\":{\"image_position\":\"center-center\",\"position_sticky_breakpoint\":\"m\"}}]}]}],\"version\":\"4.5.17\"} --><\/p>\n","protected":false},"excerpt":{"rendered":"<p>Notre strat\u00e9gie RSE Nous avons pour ambition d\u2019avoir une entreprise qui nous ressemble et qui porte chaque jour un peu plus haut nos valeurs, celles avec lesquelles nous nous sommes construits et que nous d\u00e9fendons encore aujourd\u2019hui. Chez Oliquide, ce sont la transparence et la sinc\u00e9rit\u00e9 qui guide nos actions. Nous croyons en des relations [&hellip;]<\/p>\n","protected":false},"author":1,"featured_media":8402,"parent":0,"menu_order":0,"comment_status":"closed","ping_status":"closed","template":"","meta":{"footnotes":""},"class_list":["post-8385","page","type-page","status-publish","has-post-thumbnail","hentry"],"aioseo_notices":[],"jetpack_sharing_enabled":true,"_links":{"self":[{"href":"https:\/\/www.oliquide.com\/blog\/wp-json\/wp\/v2\/pages\/8385","targetHints":{"allow":["GET"]}}],"collection":[{"href":"https:\/\/www.oliquide.com\/blog\/wp-json\/wp\/v2\/pages"}],"about":[{"href":"https:\/\/www.oliquide.com\/blog\/wp-json\/wp\/v2\/types\/page"}],"author":[{"embeddable":true,"href":"https:\/\/www.oliquide.com\/blog\/wp-json\/wp\/v2\/users\/1"}],"replies":[{"embeddable":true,"href":"https:\/\/www.oliquide.com\/blog\/wp-json\/wp\/v2\/comments?post=8385"}],"version-history":[{"count":11,"href":"https:\/\/www.oliquide.com\/blog\/wp-json\/wp\/v2\/pages\/8385\/revisions"}],"predecessor-version":[{"id":15761,"href":"https:\/\/www.oliquide.com\/blog\/wp-json\/wp\/v2\/pages\/8385\/revisions\/15761"}],"wp:featuredmedia":[{"embeddable":true,"href":"https:\/\/www.oliquide.com\/blog\/wp-json\/wp\/v2\/media\/8402"}],"wp:attachment":[{"href":"https:\/\/www.oliquide.com\/blog\/wp-json\/wp\/v2\/media?parent=8385"}],"curies":[{"name":"wp","href":"https:\/\/api.w.org\/{rel}","templated":true}]}}